{"id":6655,"date":"2018-09-20T08:06:53","date_gmt":"2018-09-20T06:06:53","guid":{"rendered":"https:\/\/www.ekholmnordic.se\/?page_id=6655"},"modified":"2018-09-20T08:13:07","modified_gmt":"2018-09-20T06:13:07","slug":"amelie-segerstroem","status":"publish","type":"page","link":"https:\/\/www.ekholmnordic.se\/da\/amelie-segerstroem\/","title":{"rendered":"Amelie Segerstr\u00f6m fra Sverige"},"content":{"rendered":"<div class=\"x-container max width offset\">\n<div class=\"x-main right\" role=\"main\">\n<article id=\"post-3797\" class=\"post-3797 page type-page status-publish hentry no-post-thumbnail\">\n<div class=\"entry-wrap\">\n<div class=\"entry-content content\">\n<div id=\"cs-content\" class=\"cs-content\">\n<div id=\"ember667\" class=\"cs-preview-zone cs-preview-zone-cs-content ember-view\">\n<div id=\"ember927\" class=\"cs-element-preview x-section cs-bg-light el6540ae4e-e530-4468-a457-3ac6582bb39a ember-view\" data-cs-loading=\"\" data-cs-observeable=\"{&quot;mode&quot;:&quot;inspect&quot;,&quot;title&quot;:&quot;Section 1&quot;,&quot;action&quot;:{&quot;type&quot;:&quot;inspect&quot;,&quot;id&quot;:&quot;6540ae4e-e530-4468-a457-3ac6582bb39a&quot;}}\">\n<div id=\"ember936\" class=\"cs-element-preview x-container max width el3f145e68-b421-4480-932e-2f77f270e5ee ember-view\" data-cs-loading=\"\" data-cs-observeable=\"{&quot;mode&quot;:&quot;inspect&quot;,&quot;title&quot;:&quot;Classic Row 1&quot;,&quot;action&quot;:{&quot;type&quot;:&quot;inspect&quot;,&quot;id&quot;:&quot;3f145e68-b421-4480-932e-2f77f270e5ee&quot;}}\">\n<div id=\"ember945\" class=\"cs-element-preview x-column x-sm x-1-1 elc00b64cf-ede4-4096-b198-d2aea8ad9551 ember-view\" data-cs-loading=\"\" data-cs-observeable=\"{&quot;mode&quot;:&quot;inspect&quot;,&quot;title&quot;:&quot;Classic Column 1&quot;,&quot;action&quot;:{&quot;type&quot;:&quot;inspect&quot;,&quot;id&quot;:&quot;c00b64cf-ede4-4096-b198-d2aea8ad9551&quot;}}\">\n<div id=\"ember1109\" class=\"cs-element-preview cs-element-preview-wrapper cs-draggable ember-view\" data-cs-observeable=\"{&quot;mode&quot;:&quot;inspect&quot;,&quot;title&quot;:&quot;Classic Custom Headline&quot;,&quot;action&quot;:{&quot;type&quot;:&quot;inspect&quot;,&quot;id&quot;:&quot;4&quot;}}\">\n<h2 class=\"h-custom-headline h2\">AMELIE SEGERSTR\u00d6M<\/h2>\n<\/div>\n<\/div>\n<\/div>\n<\/div>\n<div id=\"ember963\" class=\"cs-element-preview x-section bg-color cs-bg-light el9d4a05a4-1045-4793-bf25-8878e8e91b74 ember-view\" data-cs-loading=\"\" data-cs-observeable=\"{&quot;mode&quot;:&quot;inspect&quot;,&quot;title&quot;:&quot;Section 2&quot;,&quot;action&quot;:{&quot;type&quot;:&quot;inspect&quot;,&quot;id&quot;:&quot;9d4a05a4-1045-4793-bf25-8878e8e91b74&quot;}}\">\n<div id=\"ember972\" class=\"cs-element-preview x-container max width el83aad668-6718-4426-9186-eaabd614daef ember-view\" data-cs-loading=\"\" data-cs-observeable=\"{&quot;mode&quot;:&quot;inspect&quot;,&quot;title&quot;:&quot;Classic Row 1&quot;,&quot;action&quot;:{&quot;type&quot;:&quot;inspect&quot;,&quot;id&quot;:&quot;83aad668-6718-4426-9186-eaabd614daef&quot;}}\">\n<div id=\"ember981\" class=\"cs-element-preview x-column x-sm x-1-1 el95a74997-5614-42fc-94d0-476f20a93110 ember-view\" data-cs-loading=\"\" data-cs-observeable=\"{&quot;mode&quot;:&quot;inspect&quot;,&quot;title&quot;:&quot;Classic Column 1&quot;,&quot;action&quot;:{&quot;type&quot;:&quot;inspect&quot;,&quot;id&quot;:&quot;95a74997-5614-42fc-94d0-476f20a93110&quot;}}\">\n<div id=\"ember1118\" class=\"cs-element-preview cs-element-preview-wrapper cs-draggable ember-view\" data-cs-observeable=\"{&quot;mode&quot;:&quot;inspect&quot;,&quot;title&quot;:&quot;Classic Text&quot;,&quot;action&quot;:{&quot;type&quot;:&quot;inspect&quot;,&quot;id&quot;:&quot;9453ccfc-fe7c-4c5d-9c65-9938933df72a&quot;}}\">\n<div class=\"x-text\">\n<p>Mitt namn \u00e4r Amelie Segerstr\u00f6m och jag \u00e4r en 14 \u00e5rig junior som \u00e4ger och t\u00e4vlar stoet \u00c1ra fr\u00e5n Sk\u00e1neyland. \u00c1ra \u00e4r ett 8:a \u00e5rigt 1 klass sto med hela 8,30 f\u00f6r ridegenskaper. Jag k\u00f6pte \u00c1ra 11 september 2017 och mina m\u00e5l med henne \u00e4r att ta en placering p\u00e5 SM n\u00e4sta \u00e5r och f\u00e5 representera Sverige p\u00e5 Nordiska M\u00e4sterskapen 2018.<\/p>\n<p>&nbsp;<\/p>\n<p>Meritlista<\/p>\n<p>Med \u00c1ra fr\u00e5n Sk\u00e1neyland<\/p>\n<p>V\u00e4rmd\u00f6 M\u00e4stare 2017 p\u00e5 6,075<\/p>\n<p>Vinst i T8 p\u00e5 6,25<\/p>\n<p>Vinst i V5 p\u00e5 6,10<\/p>\n<p>&nbsp;<\/p>\n<p>\u00c1ra har m\u00e5nga meriter med sin tidigare ryttare Mette Lund Lindberg de tog bland annat SM silver p\u00e5 SM 2017 i grenen F2.<\/p>\n<p>&nbsp;<\/p>\n<p>Med Viljar fr\u00e5n Knutshyttan<\/p>\n<p>20:e plats p\u00e5 SM 2016 i V5 p\u00e5 5,33<\/p>\n<p>22:a plats p\u00e5 SM 2016 i T5 p\u00e5 4,98<\/p>\n<p>SM-Kval i GDK p\u00e5 7,94 och en 19:e plats if\u00f6r SM<\/p>\n<p>Tv\u00e5 silver p\u00e5 Elmia Icelandic Power Show i V5 och T8<\/p>\n<p>Vinst i T8 p\u00e5 Fors<\/p>\n<p>Vinst i V5 p\u00e5 Fors<\/p>\n<p>&nbsp;<\/p>\n<p><strong>Jag har anv\u00e4nt probs produkter p\u00e5 alla h\u00e4star jag haft och kan varmt rekommendera dem!\u00a0 Efter en sommar med behandling av Probs schampo, salva och deo\u00a0 gjorde att hon fick en helt annan p\u00e4lskvalit\u00e9. Nu i sommar har jag haft m\u00f6jlighet att f\u00e5 testa Probs nya deo som jag tycker \u00e4r v\u00e4ldigt bra! Sprayen \u00e4r dessutom helt ofarlig f\u00f6r m\u00e4nniskor.<\/strong><\/p>\n<\/div>\n<\/div>\n<\/div>\n<\/div>\n<\/div>\n<div id=\"ember999\" class=\"cs-element-preview x-section bg-color cs-bg-light el9bf0fb0c-6f3e-4f37-aa56-63c20aa921e3 ember-view\" data-cs-loading=\"\" data-cs-observeable=\"{&quot;mode&quot;:&quot;inspect&quot;,&quot;title&quot;:&quot;Copy of Section 2&quot;,&quot;action&quot;:{&quot;type&quot;:&quot;inspect&quot;,&quot;id&quot;:&quot;9bf0fb0c-6f3e-4f37-aa56-63c20aa921e3&quot;}}\">\n<div id=\"ember1008\" class=\"cs-element-preview x-container max width el1c4422b5-c44c-4552-904a-c96c41d5e78d ember-view\" data-cs-loading=\"\" data-cs-observeable=\"{&quot;mode&quot;:&quot;inspect&quot;,&quot;title&quot;:&quot;Classic Row 1&quot;,&quot;action&quot;:{&quot;type&quot;:&quot;inspect&quot;,&quot;id&quot;:&quot;1c4422b5-c44c-4552-904a-c96c41d5e78d&quot;}}\">\n<div id=\"ember1017\" class=\"cs-element-preview x-column x-sm x-1-1 elef415a47-3b98-44a7-8083-49cbdf85a747 ember-view\" data-cs-loading=\"\" data-cs-observeable=\"{&quot;mode&quot;:&quot;inspect&quot;,&quot;title&quot;:&quot;Classic Column 1&quot;,&quot;action&quot;:{&quot;type&quot;:&quot;inspect&quot;,&quot;id&quot;:&quot;ef415a47-3b98-44a7-8083-49cbdf85a747&quot;}}\">\n<div id=\"ember1127\" class=\"cs-element-preview cs-element-preview-wrapper cs-draggable ember-view\" data-cs-observeable=\"{&quot;mode&quot;:&quot;inspect&quot;,&quot;title&quot;:&quot;Classic Text&quot;,&quot;action&quot;:{&quot;type&quot;:&quot;inspect&quot;,&quot;id&quot;:&quot;bd8e4619-e720-478a-bcad-0b5ee89d5f69&quot;}}\">\n<div class=\"x-text\">\n<p>Amelie har k\u00f6pt en ny h\u00e4st. Han heter Fleygur fr\u00e1 Skei\u00f0v\u00f6llum och \u00e4r en valack f\u00f6dd 2011 som jag k\u00f6pte i april 2018. Vi har tillsammans haft en v\u00e4ldigt bra s\u00e4song d\u00e4r vi bland annat tog ett SM brons i fyrg\u00e5ng och Eva Maria Gerlach Award 2018 \u2013 For being the most versatile riders under Feif youth cup. Mitt m\u00e5l med Fleygur \u00e4r att forts\u00e4tta utveckla honom satsa p\u00e5 n\u00e4sta \u00e5r d\u00e5 jag rider mitt f\u00f6rsta \u00e5r som Yang rider.<\/p>\n<p>Meritlista hittills i \u00e5r:<\/p>\n<p>Brons p\u00e5 SM 2018 i V1<\/p>\n<p>6:e plats p\u00e5 SM 2018 i T1<\/p>\n<p>Silver p\u00e5 \u00d6SM 2018 i V1<\/p>\n<p>Brons p\u00e5 \u00d6SM 2018 i T1<\/p>\n<p>Brons p\u00e5 Romme nationella 2018 i V1<\/p>\n<p>Brons p\u00e5 Feif Youth Cup 2018 i V2<\/p>\n<p>Fj\u00e4rdeplats p\u00e5 Feif Youth Cup i T3<\/p>\n<p>Eva Maria Gerlach Award 2018 \u2013 For being the most versatile riders<\/p>\n<\/div>\n<\/div>\n<\/div>\n<\/div>\n<\/div>\n<div id=\"ember1035\" class=\"cs-element-preview x-section bg-color cs-bg-light elf925ba1a-f679-455e-a088-051746fc14d7 ember-view\" data-cs-loading=\"\" data-cs-observeable=\"{&quot;mode&quot;:&quot;inspect&quot;,&quot;title&quot;:&quot;Section 3&quot;,&quot;action&quot;:{&quot;type&quot;:&quot;inspect&quot;,&quot;id&quot;:&quot;f925ba1a-f679-455e-a088-051746fc14d7&quot;}}\">\n<div id=\"ember1044\" class=\"cs-element-preview x-container max width el9baf78da-ee99-4c16-b85a-b0535aa73034 ember-view\" data-cs-loading=\"\" data-cs-observeable=\"{&quot;mode&quot;:&quot;inspect&quot;,&quot;title&quot;:&quot;Classic Row 1&quot;,&quot;action&quot;:{&quot;type&quot;:&quot;inspect&quot;,&quot;id&quot;:&quot;9baf78da-ee99-4c16-b85a-b0535aa73034&quot;}}\">\n<div id=\"ember1053\" class=\"cs-element-preview x-column x-sm x-1-1 elf75289b6-e9bb-4245-836f-cf166604ab56 ember-view\" data-cs-loading=\"\" data-cs-observeable=\"{&quot;mode&quot;:&quot;inspect&quot;,&quot;title&quot;:&quot;Classic Column 1&quot;,&quot;action&quot;:{&quot;type&quot;:&quot;inspect&quot;,&quot;id&quot;:&quot;f75289b6-e9bb-4245-836f-cf166604ab56&quot;}}\">\n<div id=\"ember1136\" class=\"cs-element-preview cs-element-preview-wrapper cs-draggable ember-view\" data-cs-observeable=\"{&quot;mode&quot;:&quot;inspect&quot;,&quot;title&quot;:&quot;Classic Image&quot;,&quot;action&quot;:{&quot;type&quot;:&quot;inspect&quot;,&quot;id&quot;:&quot;31&quot;}}\"><img decoding=\"async\" class=\"x-img x-img-none\" src=\"https:\/\/www.ekholmnordic.se\/wp-content\/uploads\/2017\/12\/AMELIE-SEGERSTR%C3%96M.jpg\" \/><\/div>\n<\/div>\n<\/div>\n<\/div>\n<div id=\"ember1071\" class=\"cs-element-preview x-section bg-color cs-bg-light el78ab64f2-d560-4344-914c-647927460c62 ember-view\" data-cs-loading=\"\" data-cs-observeable=\"{&quot;mode&quot;:&quot;inspect&quot;,&quot;title&quot;:&quot;Copy of Section 3&quot;,&quot;action&quot;:{&quot;type&quot;:&quot;inspect&quot;,&quot;id&quot;:&quot;78ab64f2-d560-4344-914c-647927460c62&quot;}}\">\n<div id=\"ember1080\" class=\"cs-element-preview x-container max width eld7c7025e-cc96-4d13-8bbe-6e8b38aba38a ember-view\" data-cs-loading=\"\" data-cs-observeable=\"{&quot;mode&quot;:&quot;inspect&quot;,&quot;title&quot;:&quot;Classic Row 1&quot;,&quot;action&quot;:{&quot;type&quot;:&quot;inspect&quot;,&quot;id&quot;:&quot;d7c7025e-cc96-4d13-8bbe-6e8b38aba38a&quot;}}\">\n<div id=\"ember1089\" class=\"cs-element-preview x-column x-sm x-1-1 eleaeb7f1e-2bdc-4228-929d-133674f34bcd ember-view\" data-cs-loading=\"\" data-cs-observeable=\"{&quot;mode&quot;:&quot;inspect&quot;,&quot;title&quot;:&quot;Classic Column 1&quot;,&quot;action&quot;:{&quot;type&quot;:&quot;inspect&quot;,&quot;id&quot;:&quot;eaeb7f1e-2bdc-4228-929d-133674f34bcd&quot;}}\">\n<div id=\"ember1145\" class=\"cs-element-preview cs-element-preview-wrapper cs-draggable ember-view\" data-cs-observeable=\"{&quot;mode&quot;:&quot;inspect&quot;,&quot;title&quot;:&quot;Classic Image&quot;,&quot;action&quot;:{&quot;type&quot;:&quot;inspect&quot;,&quot;id&quot;:&quot;40&quot;}}\"><img decoding=\"async\" class=\"x-img x-img-none\" src=\"https:\/\/www.ekholmnordic.se\/wp-content\/uploads\/2018\/09\/NY-H%C3%84ST.jpg\" \/><\/div>\n<\/div>\n<\/div>\n<\/div>\n<\/div>\n<\/div>\n<\/div>\n<\/div>\n<\/article>\n<\/div>\n<aside class=\"x-sidebar left\" role=\"complementary\">\n<div id=\"woocommerce_product_search-2\" class=\"widget woocommerce widget_product_search\">\n<h4 class=\"h-widget\">S\u00f6k<\/h4>\n<form class=\"woocommerce-product-search\" role=\"search\" action=\"https:\/\/www.ekholmnordic.se\/\" method=\"get\"><label class=\"screen-reader-text\" for=\"woocommerce-product-search-field-0\">S\u00f6k efter:<\/label><input id=\"woocommerce-product-search-field-0\" class=\"search-field\" name=\"s\" type=\"search\" value=\"\" placeholder=\"S\u00f6k produkter\u2026\" \/><\/form>\n<\/div>\n<div id=\"woocommerce_product_categories-2\" class=\"widget woocommerce widget_product_categories\">\n<h4 class=\"h-widget\">PRODUKTER<\/h4>\n<ul class=\"product-categories\">\n<li class=\"cat-item cat-item-69\"><a href=\"https:\/\/www.ekholmnordic.se\/produkt-kategori\/nyheter\/\" target=\"_blank\" rel=\"noopener\">NYHETER<\/a><\/li>\n<li class=\"cat-item cat-item-6\"><a href=\"https:\/\/www.ekholmnordic.se\/produkt-kategori\/veterinara-produkter\/\" target=\"_blank\" rel=\"noopener\">HELA PROBSERIEN<\/a><\/li>\n<li class=\"cat-item cat-item-8\"><a href=\"https:\/\/www.ekholmnordic.se\/produkt-kategori\/prob-olja\/\" target=\"_blank\" rel=\"noopener\">PROB OLJA<\/a><\/li>\n<li class=\"cat-item cat-item-9\"><a href=\"https:\/\/www.ekholmnordic.se\/produkt-kategori\/prob-tjar-schampo\/\" target=\"_blank\" rel=\"noopener\">PROB TJ\u00c4RSCHAMPO<\/a><\/li>\n<li class=\"cat-item cat-item-10\"><a href=\"https:\/\/www.ekholmnordic.se\/produkt-kategori\/prob-deo\/\" target=\"_blank\" rel=\"noopener\">PROB DEO<\/a><\/li>\n<li class=\"cat-item cat-item-11\"><a href=\"https:\/\/www.ekholmnordic.se\/produkt-kategori\/prob-salvakram\/\" target=\"_blank\" rel=\"noopener\">PROB SALVA\/KR\u00c4M<\/a><\/li>\n<li class=\"cat-item cat-item-41\"><a href=\"https:\/\/www.ekholmnordic.se\/produkt-kategori\/paelsvaard\/\" target=\"_blank\" rel=\"noopener\">P\u00c4LSV\u00c5RD<\/a><\/li>\n<li class=\"cat-item cat-item-7\"><a href=\"https:\/\/www.ekholmnordic.se\/produkt-kategori\/hov-vard\/\" target=\"_blank\" rel=\"noopener\">HOVV\u00c5RD<\/a><\/li>\n<li class=\"cat-item cat-item-39\"><a href=\"https:\/\/www.ekholmnordic.se\/produkt-kategori\/prova-paa-paket\/\" target=\"_blank\" rel=\"noopener\">START\/PROVA P\u00c5 PAKET\/PAKET<\/a><\/li>\n<li class=\"cat-item cat-item-67\"><a href=\"https:\/\/www.ekholmnordic.se\/produkt-kategori\/lagers-skinn-ls-produkter\/\" target=\"_blank\" rel=\"noopener\">LAGERS SKINN &#8211; LS PRODUKTER<\/a><\/li>\n<li class=\"cat-item cat-item-79\"><a href=\"https:\/\/www.ekholmnordic.se\/produkt-kategori\/okategoriserad\/\" target=\"_blank\" rel=\"noopener\">\u00d6VRIGT<\/a><\/li>\n<li class=\"cat-item cat-item-40\"><a href=\"https:\/\/www.ekholmnordic.se\/produkt-kategori\/prob-garanti\/\" target=\"_blank\" rel=\"noopener\">PROB GARANTI<\/a><\/li>\n<\/ul>\n<\/div>\n<\/aside>\n<\/div>\n<footer class=\"x-colophon top\">\n<div class=\"x-container max width\">\n<div class=\"x-column x-md x-1-1 last\"><\/div>\n<\/div>\n<\/footer>\n<footer class=\"x-colophon bottom\" role=\"contentinfo\">\n<div class=\"x-container max width\">\n<div class=\"x-social-global\"><\/div>\n<\/div>\n<\/footer>\n","protected":false},"excerpt":{"rendered":"<p>AMELIE SEGERSTR\u00d6M Mitt namn \u00e4r Amelie Segerstr\u00f6m och jag \u00e4r en 14 \u00e5rig junior som \u00e4ger och t\u00e4vlar stoet \u00c1ra fr\u00e5n Sk\u00e1neyland. \u00c1ra \u00e4r ett 8:a \u00e5rigt 1 klass sto med hela 8,30 f\u00f6r ridegenskaper. Jag k\u00f6pte \u00c1ra 11 september 2017 och mina m\u00e5l med henne \u00e4r att ta en placering p\u00e5 SM n\u00e4sta \u00e5r och f\u00e5 representera Sverige p\u00e5 &#8230; <a href=\"https:\/\/www.ekholmnordic.se\/da\/amelie-segerstroem\/\" class=\"more-link\">Read More<\/a><\/p>\n","protected":false},"author":3,"featured_media":0,"parent":0,"menu_order":0,"comment_status":"closed","ping_status":"closed","template":"","meta":{"_monsterinsights_skip_tracking":false,"_monsterinsights_sitenote_active":false,"_monsterinsights_sitenote_note":"","_monsterinsights_sitenote_category":0,"footnotes":""},"class_list":["post-6655","page","type-page","status-publish","hentry","no-post-thumbnail"],"yoast_head":"<!-- This site is optimized with the Yoast SEO plugin v27.5 - https:\/\/yoast.com\/product\/yoast-seo-wordpress\/ -->\n<title>Amelie Segerstr\u00f6m fra Sverige - Ekholm Vision - PROB SERIEN<\/title>\n<meta name=\"robots\" content=\"index, follow, max-snippet:-1, max-image-preview:large, max-video-preview:-1\" \/>\n<link rel=\"canonical\" href=\"https:\/\/www.ekholmnordic.se\/amelie-segerstroem\/\" \/>\n<meta property=\"og:locale\" content=\"da_DK\" \/>\n<meta property=\"og:type\" content=\"article\" \/>\n<meta property=\"og:title\" content=\"Amelie Segerstr\u00f6m fra Sverige - Ekholm Vision - PROB SERIEN\" \/>\n<meta property=\"og:description\" content=\"AMELIE SEGERSTR\u00d6M Mitt namn \u00e4r Amelie Segerstr\u00f6m och jag \u00e4r en 14 \u00e5rig junior som \u00e4ger och t\u00e4vlar stoet \u00c1ra fr\u00e5n Sk\u00e1neyland. \u00c1ra \u00e4r ett 8:a \u00e5rigt 1 klass sto med hela 8,30 f\u00f6r ridegenskaper. Jag k\u00f6pte \u00c1ra 11 september 2017 och mina m\u00e5l med henne \u00e4r att ta en placering p\u00e5 SM n\u00e4sta \u00e5r och f\u00e5 representera Sverige p\u00e5 ... Read More\" \/>\n<meta property=\"og:url\" content=\"https:\/\/www.ekholmnordic.se\/amelie-segerstroem\/\" \/>\n<meta property=\"og:site_name\" content=\"Ekholm Vision - PROB SERIEN\" \/>\n<meta property=\"article:modified_time\" content=\"2018-09-20T06:13:07+00:00\" \/>\n<meta property=\"og:image\" content=\"https:\/\/www.ekholmnordic.se\/wp-content\/uploads\/2017\/12\/AMELIE-SEGERSTR%C3%96M.jpg\" \/>\n<meta name=\"twitter:card\" content=\"summary_large_image\" \/>\n<meta name=\"twitter:label1\" content=\"Estimeret l\u00e6setid\" \/>\n\t<meta name=\"twitter:data1\" content=\"2 minutter\" \/>\n<script type=\"application\/ld+json\" class=\"yoast-schema-graph\">{\"@context\":\"https:\\\/\\\/schema.org\",\"@graph\":[{\"@type\":\"WebPage\",\"@id\":\"https:\\\/\\\/www.ekholmnordic.se\\\/amelie-segerstroem\\\/\",\"url\":\"https:\\\/\\\/www.ekholmnordic.se\\\/amelie-segerstroem\\\/\",\"name\":\"Amelie Segerstr\u00f6m fra Sverige - Ekholm Vision - PROB SERIEN\",\"isPartOf\":{\"@id\":\"https:\\\/\\\/www.ekholmnordic.se\\\/#website\"},\"primaryImageOfPage\":{\"@id\":\"https:\\\/\\\/www.ekholmnordic.se\\\/amelie-segerstroem\\\/#primaryimage\"},\"image\":{\"@id\":\"https:\\\/\\\/www.ekholmnordic.se\\\/amelie-segerstroem\\\/#primaryimage\"},\"thumbnailUrl\":\"https:\\\/\\\/www.ekholmnordic.se\\\/wp-content\\\/uploads\\\/2017\\\/12\\\/AMELIE-SEGERSTR%C3%96M.jpg\",\"datePublished\":\"2018-09-20T06:06:53+00:00\",\"dateModified\":\"2018-09-20T06:13:07+00:00\",\"breadcrumb\":{\"@id\":\"https:\\\/\\\/www.ekholmnordic.se\\\/amelie-segerstroem\\\/#breadcrumb\"},\"inLanguage\":\"da-DK\",\"potentialAction\":[{\"@type\":\"ReadAction\",\"target\":[\"https:\\\/\\\/www.ekholmnordic.se\\\/amelie-segerstroem\\\/\"]}]},{\"@type\":\"ImageObject\",\"inLanguage\":\"da-DK\",\"@id\":\"https:\\\/\\\/www.ekholmnordic.se\\\/amelie-segerstroem\\\/#primaryimage\",\"url\":\"https:\\\/\\\/www.ekholmnordic.se\\\/wp-content\\\/uploads\\\/2017\\\/12\\\/AMELIE-SEGERSTR%C3%96M.jpg\",\"contentUrl\":\"https:\\\/\\\/www.ekholmnordic.se\\\/wp-content\\\/uploads\\\/2017\\\/12\\\/AMELIE-SEGERSTR%C3%96M.jpg\"},{\"@type\":\"BreadcrumbList\",\"@id\":\"https:\\\/\\\/www.ekholmnordic.se\\\/amelie-segerstroem\\\/#breadcrumb\",\"itemListElement\":[{\"@type\":\"ListItem\",\"position\":1,\"name\":\"Hem\",\"item\":\"https:\\\/\\\/www.ekholmnordic.se\\\/da\\\/\"},{\"@type\":\"ListItem\",\"position\":2,\"name\":\"Amelie Segerstr\u00f6m fra Sverige\"}]},{\"@type\":\"WebSite\",\"@id\":\"https:\\\/\\\/www.ekholmnordic.se\\\/#website\",\"url\":\"https:\\\/\\\/www.ekholmnordic.se\\\/\",\"name\":\"Ekholm Vision - PROB SERIEN\",\"description\":\"F\u00d6R EN OPTIMAL HUD OCH P\u00c4LSV\u00c5RD\",\"potentialAction\":[{\"@type\":\"SearchAction\",\"target\":{\"@type\":\"EntryPoint\",\"urlTemplate\":\"https:\\\/\\\/www.ekholmnordic.se\\\/?s={search_term_string}\"},\"query-input\":{\"@type\":\"PropertyValueSpecification\",\"valueRequired\":true,\"valueName\":\"search_term_string\"}}],\"inLanguage\":\"da-DK\"}]}<\/script>\n<!-- \/ Yoast SEO plugin. -->","yoast_head_json":{"title":"Amelie Segerstr\u00f6m fra Sverige - Ekholm Vision - PROB SERIEN","robots":{"index":"index","follow":"follow","max-snippet":"max-snippet:-1","max-image-preview":"max-image-preview:large","max-video-preview":"max-video-preview:-1"},"canonical":"https:\/\/www.ekholmnordic.se\/amelie-segerstroem\/","og_locale":"da_DK","og_type":"article","og_title":"Amelie Segerstr\u00f6m fra Sverige - Ekholm Vision - PROB SERIEN","og_description":"AMELIE SEGERSTR\u00d6M Mitt namn \u00e4r Amelie Segerstr\u00f6m och jag \u00e4r en 14 \u00e5rig junior som \u00e4ger och t\u00e4vlar stoet \u00c1ra fr\u00e5n Sk\u00e1neyland. \u00c1ra \u00e4r ett 8:a \u00e5rigt 1 klass sto med hela 8,30 f\u00f6r ridegenskaper. Jag k\u00f6pte \u00c1ra 11 september 2017 och mina m\u00e5l med henne \u00e4r att ta en placering p\u00e5 SM n\u00e4sta \u00e5r och f\u00e5 representera Sverige p\u00e5 ... Read More","og_url":"https:\/\/www.ekholmnordic.se\/amelie-segerstroem\/","og_site_name":"Ekholm Vision - PROB SERIEN","article_modified_time":"2018-09-20T06:13:07+00:00","og_image":[{"url":"https:\/\/www.ekholmnordic.se\/wp-content\/uploads\/2017\/12\/AMELIE-SEGERSTR%C3%96M.jpg","type":"","width":"","height":""}],"twitter_card":"summary_large_image","twitter_misc":{"Estimeret l\u00e6setid":"2 minutter"},"schema":{"@context":"https:\/\/schema.org","@graph":[{"@type":"WebPage","@id":"https:\/\/www.ekholmnordic.se\/amelie-segerstroem\/","url":"https:\/\/www.ekholmnordic.se\/amelie-segerstroem\/","name":"Amelie Segerstr\u00f6m fra Sverige - Ekholm Vision - PROB SERIEN","isPartOf":{"@id":"https:\/\/www.ekholmnordic.se\/#website"},"primaryImageOfPage":{"@id":"https:\/\/www.ekholmnordic.se\/amelie-segerstroem\/#primaryimage"},"image":{"@id":"https:\/\/www.ekholmnordic.se\/amelie-segerstroem\/#primaryimage"},"thumbnailUrl":"https:\/\/www.ekholmnordic.se\/wp-content\/uploads\/2017\/12\/AMELIE-SEGERSTR%C3%96M.jpg","datePublished":"2018-09-20T06:06:53+00:00","dateModified":"2018-09-20T06:13:07+00:00","breadcrumb":{"@id":"https:\/\/www.ekholmnordic.se\/amelie-segerstroem\/#breadcrumb"},"inLanguage":"da-DK","potentialAction":[{"@type":"ReadAction","target":["https:\/\/www.ekholmnordic.se\/amelie-segerstroem\/"]}]},{"@type":"ImageObject","inLanguage":"da-DK","@id":"https:\/\/www.ekholmnordic.se\/amelie-segerstroem\/#primaryimage","url":"https:\/\/www.ekholmnordic.se\/wp-content\/uploads\/2017\/12\/AMELIE-SEGERSTR%C3%96M.jpg","contentUrl":"https:\/\/www.ekholmnordic.se\/wp-content\/uploads\/2017\/12\/AMELIE-SEGERSTR%C3%96M.jpg"},{"@type":"BreadcrumbList","@id":"https:\/\/www.ekholmnordic.se\/amelie-segerstroem\/#breadcrumb","itemListElement":[{"@type":"ListItem","position":1,"name":"Hem","item":"https:\/\/www.ekholmnordic.se\/da\/"},{"@type":"ListItem","position":2,"name":"Amelie Segerstr\u00f6m fra Sverige"}]},{"@type":"WebSite","@id":"https:\/\/www.ekholmnordic.se\/#website","url":"https:\/\/www.ekholmnordic.se\/","name":"Ekholm Vision - PROB SERIEN","description":"F\u00d6R EN OPTIMAL HUD OCH P\u00c4LSV\u00c5RD","potentialAction":[{"@type":"SearchAction","target":{"@type":"EntryPoint","urlTemplate":"https:\/\/www.ekholmnordic.se\/?s={search_term_string}"},"query-input":{"@type":"PropertyValueSpecification","valueRequired":true,"valueName":"search_term_string"}}],"inLanguage":"da-DK"}]}},"_links":{"self":[{"href":"https:\/\/www.ekholmnordic.se\/da\/wp-json\/wp\/v2\/pages\/6655","targetHints":{"allow":["GET"]}}],"collection":[{"href":"https:\/\/www.ekholmnordic.se\/da\/wp-json\/wp\/v2\/pages"}],"about":[{"href":"https:\/\/www.ekholmnordic.se\/da\/wp-json\/wp\/v2\/types\/page"}],"author":[{"embeddable":true,"href":"https:\/\/www.ekholmnordic.se\/da\/wp-json\/wp\/v2\/users\/3"}],"replies":[{"embeddable":true,"href":"https:\/\/www.ekholmnordic.se\/da\/wp-json\/wp\/v2\/comments?post=6655"}],"version-history":[{"count":2,"href":"https:\/\/www.ekholmnordic.se\/da\/wp-json\/wp\/v2\/pages\/6655\/revisions"}],"predecessor-version":[{"id":6668,"href":"https:\/\/www.ekholmnordic.se\/da\/wp-json\/wp\/v2\/pages\/6655\/revisions\/6668"}],"wp:attachment":[{"href":"https:\/\/www.ekholmnordic.se\/da\/wp-json\/wp\/v2\/media?parent=6655"}],"curies":[{"name":"wp","href":"https:\/\/api.w.org\/{rel}","templated":true}]}}